{"id":1558,"date":"2025-05-26T07:57:29","date_gmt":"2025-05-26T07:57:29","guid":{"rendered":"https:\/\/www.marbesur.com\/project\/local-loft-change-of-use-gonzalo-jimenez-de-quesada-street-granada\/"},"modified":"2026-03-20T08:18:25","modified_gmt":"2026-03-20T08:18:25","slug":"local-loft-change-of-use-gonzalo-jimenez-de-quesada-street-granada","status":"publish","type":"project","link":"https:\/\/www.marbesur.com\/en\/project\/local-loft-change-of-use-gonzalo-jimenez-de-quesada-street-granada\/","title":{"rendered":"LOCAL LOFT CHANGE OF USE GONZALO JIM\u00c9NEZ DE QUESADA STREET &#8211; GRANADA"},"content":{"rendered":"<p>[et_pb_section fb_built=&#8221;1&#8243; _builder_version=&#8221;4.27.4&#8243; _module_preset=&#8221;default&#8221; global_colors_info=&#8221;{}&#8221; theme_builder_area=&#8221;post_content&#8221;][et_pb_row _builder_version=&#8221;4.27.4&#8243; _module_preset=&#8221;default&#8221; global_colors_info=&#8221;{}&#8221; theme_builder_area=&#8221;post_content&#8221;][et_pb_column type=&#8221;4_4&#8243; _builder_version=&#8221;4.27.4&#8243; _module_preset=&#8221;default&#8221; global_colors_info=&#8221;{}&#8221; theme_builder_area=&#8221;post_content&#8221;][et_pb_post_title meta=&#8221;off&#8221; featured_image=&#8221;off&#8221; _builder_version=&#8221;4.27.4&#8243; _module_preset=&#8221;default&#8221; global_colors_info=&#8221;{}&#8221; theme_builder_area=&#8221;post_content&#8221;][\/et_pb_post_title][\/et_pb_column][\/et_pb_row][et_pb_row _builder_version=&#8221;4.27.4&#8243; _module_preset=&#8221;default&#8221; hover_enabled=&#8221;0&#8243; global_colors_info=&#8221;{}&#8221; theme_builder_area=&#8221;post_content&#8221; sticky_enabled=&#8221;0&#8243;][et_pb_column type=&#8221;4_4&#8243; _builder_version=&#8221;4.27.4&#8243; _module_preset=&#8221;default&#8221; global_colors_info=&#8221;{}&#8221; theme_builder_area=&#8221;post_content&#8221;][dnxte_masonary gallery_ids=&#8221;1376,1375,1374,1373,1372,1371,1370,1369,1368,1367,1366,1365,1364,1363,1362,1361,1360,1359,1358,1357,1356&#8243; dnxte_gutter=&#8221;20&#8243; dnxte_masonry_hvr_effect=&#8221;image-zoom-center&#8221; _builder_version=&#8221;4.27.4&#8243; _module_preset=&#8221;default&#8221; hover_enabled=&#8221;0&#8243; global_colors_info=&#8221;{}&#8221; theme_builder_area=&#8221;post_content&#8221; dnxte_columns_last_edited=&#8221;on|desktop&#8221; sticky_enabled=&#8221;0&#8243; dnxte_columns_tablet=&#8221;3&#8243; dnxte_columns_phone=&#8221;2&#8243;][\/dnxte_masonary][\/et_pb_column][\/et_pb_row][\/et_pb_section]<\/p>\n","protected":false},"excerpt":{"rendered":"<div class=\"et_pb_module dnxte_masonary dnxte_masonary_0\">\n\t\t\t\t\n\t\t\t\t\n\t\t\t\t\n\t\t\t\t\n\t\t\t\t\n\t\t\t\t\n\t\t\t\t<div class=\"et_pb_module_inner\">\n\t\t\t\t\t<div class=\"dnxte-msnary-wrapper\"><div class=\"dnxte-grid\"><div class=\"dnxte-msnary-grid\" data-lightbox=\"1\" data-gutter=\"20\"><div class=\"grid-sizer\"><\/div><div class=\"gutter-sizer\"><\/div><div class=\"dnxte-msnary-item et_pb_gallery_image \"> <a class=\"image-link imghvr-msnary-image-zoom-center imghve-color\" href=\"https:\/\/www.marbesur.com\/wp-content\/uploads\/2025\/05\/Local-loft-cambio-de-uso-calle-gonzalo-20.webp\" target=\"\" data-title=\"\" data-caption=\"\">\r\n                    <img width=\"2000\" height=\"1126\" src=\"https:\/\/www.marbesur.com\/wp-content\/uploads\/2025\/05\/Local-loft-cambio-de-uso-calle-gonzalo-20.webp\" class=\"attachment-full size-full\" alt=\"Local Loft Cambio De Uso Calle Gonzalo 20\" decoding=\"async\" loading=\"lazy\" srcset=\"https:\/\/www.marbesur.com\/wp-content\/uploads\/2025\/05\/Local-loft-cambio-de-uso-calle-gonzalo-20.webp 2000w, https:\/\/www.marbesur.com\/wp-content\/uploads\/2025\/05\/Local-loft-cambio-de-uso-calle-gonzalo-20-1280x721.webp 1280w, https:\/\/www.marbesur.com\/wp-content\/uploads\/2025\/05\/Local-loft-cambio-de-uso-calle-gonzalo-20-980x552.webp 980w, https:\/\/www.marbesur.com\/wp-content\/uploads\/2025\/05\/Local-loft-cambio-de-uso-calle-gonzalo-20-480x270.webp 480w\" sizes=\"(min-width: 0px) and (max-width: 480px) 480px, (min-width: 481px) and (max-width: 980px) 980px, (min-width: 981px) and (max-width: 1280px) 1280px, (min-width: 1281px) 2000px, 100vw\" \/>\r\n                <\/a><span class=\"dnxte_ovl et_overlay\" data-icon=\"L\" data-icon-tablet=\"\" data-icon-phone=\"\" >\r\n                    <div class='dnxte-msnary-details'><\/div><\/div><!-- .dnxte-msnary-details -->\r\n                <\/span><div class=\"dnxte-msnary-item et_pb_gallery_image \"> <a class=\"image-link imghvr-msnary-image-zoom-center imghve-color\" href=\"https:\/\/www.marbesur.com\/wp-content\/uploads\/2025\/05\/Local-loft-cambio-de-uso-calle-gonzalo-19.webp\" target=\"\" data-title=\"\" data-caption=\"\">\r\n                    <img width=\"1600\" height=\"1066\" src=\"https:\/\/www.marbesur.com\/wp-content\/uploads\/2025\/05\/Local-loft-cambio-de-uso-calle-gonzalo-19.webp\" class=\"attachment-full size-full\" alt=\"Local Loft Cambio De Uso Calle Gonzalo 19\" decoding=\"async\" loading=\"lazy\" srcset=\"https:\/\/www.marbesur.com\/wp-content\/uploads\/2025\/05\/Local-loft-cambio-de-uso-calle-gonzalo-19.webp 1600w, https:\/\/www.marbesur.com\/wp-content\/uploads\/2025\/05\/Local-loft-cambio-de-uso-calle-gonzalo-19-1280x853.webp 1280w, https:\/\/www.marbesur.com\/wp-content\/uploads\/2025\/05\/Local-loft-cambio-de-uso-calle-gonzalo-19-980x653.webp 980w, https:\/\/www.marbesur.com\/wp-content\/uploads\/2025\/05\/Local-loft-cambio-de-uso-calle-gonzalo-19-480x320.webp 480w\" sizes=\"(min-width: 0px) and (max-width: 480px) 480px, (min-width: 481px) and (max-width: 980px) 980px, (min-width: 981px) and (max-width: 1280px) 1280px, (min-width: 1281px) 1600px, 100vw\" \/>\r\n                <\/a><span class=\"dnxte_ovl et_overlay\" data-icon=\"L\" data-icon-tablet=\"\" data-icon-phone=\"\" >\r\n                    <div class='dnxte-msnary-details'><\/div><\/div><!-- .dnxte-msnary-details -->\r\n                <\/span><div class=\"dnxte-msnary-item et_pb_gallery_image \"> <a class=\"image-link imghvr-msnary-image-zoom-center imghve-color\" href=\"https:\/\/www.marbesur.com\/wp-content\/uploads\/2025\/05\/Local-loft-cambio-de-uso-calle-gonzalo-18.webp\" target=\"\" data-title=\"\" data-caption=\"\">\r\n                    <img width=\"1600\" height=\"1066\" src=\"https:\/\/www.marbesur.com\/wp-content\/uploads\/2025\/05\/Local-loft-cambio-de-uso-calle-gonzalo-18.webp\" class=\"attachment-full size-full\" alt=\"Local Loft Cambio De Uso Calle Gonzalo 18\" decoding=\"async\" loading=\"lazy\" srcset=\"https:\/\/www.marbesur.com\/wp-content\/uploads\/2025\/05\/Local-loft-cambio-de-uso-calle-gonzalo-18.webp 1600w, https:\/\/www.marbesur.com\/wp-content\/uploads\/2025\/05\/Local-loft-cambio-de-uso-calle-gonzalo-18-1280x853.webp 1280w, https:\/\/www.marbesur.com\/wp-content\/uploads\/2025\/05\/Local-loft-cambio-de-uso-calle-gonzalo-18-980x653.webp 980w, https:\/\/www.marbesur.com\/wp-content\/uploads\/2025\/05\/Local-loft-cambio-de-uso-calle-gonzalo-18-480x320.webp 480w\" sizes=\"(min-width: 0px) and (max-width: 480px) 480px, (min-width: 481px) and (max-width: 980px) 980px, (min-width: 981px) and (max-width: 1280px) 1280px, (min-width: 1281px) 1600px, 100vw\" \/>\r\n                <\/a><span class=\"dnxte_ovl et_overlay\" data-icon=\"L\" data-icon-tablet=\"\" data-icon-phone=\"\" >\r\n                    <div class='dnxte-msnary-details'><\/div><\/div><!-- .dnxte-msnary-details -->\r\n                <\/span><div class=\"dnxte-msnary-item et_pb_gallery_image \"> <a class=\"image-link imghvr-msnary-image-zoom-center imghve-color\" href=\"https:\/\/www.marbesur.com\/wp-content\/uploads\/2025\/05\/Local-loft-cambio-de-uso-calle-gonzalo-17.webp\" target=\"\" data-title=\"\" data-caption=\"\">\r\n                    <img width=\"1600\" height=\"1066\" src=\"https:\/\/www.marbesur.com\/wp-content\/uploads\/2025\/05\/Local-loft-cambio-de-uso-calle-gonzalo-17.webp\" class=\"attachment-full size-full\" alt=\"Local Loft Cambio De Uso Calle Gonzalo 17\" decoding=\"async\" loading=\"lazy\" srcset=\"https:\/\/www.marbesur.com\/wp-content\/uploads\/2025\/05\/Local-loft-cambio-de-uso-calle-gonzalo-17.webp 1600w, https:\/\/www.marbesur.com\/wp-content\/uploads\/2025\/05\/Local-loft-cambio-de-uso-calle-gonzalo-17-1280x853.webp 1280w, https:\/\/www.marbesur.com\/wp-content\/uploads\/2025\/05\/Local-loft-cambio-de-uso-calle-gonzalo-17-980x653.webp 980w, https:\/\/www.marbesur.com\/wp-content\/uploads\/2025\/05\/Local-loft-cambio-de-uso-calle-gonzalo-17-480x320.webp 480w\" sizes=\"(min-width: 0px) and (max-width: 480px) 480px, (min-width: 481px) and (max-width: 980px) 980px, (min-width: 981px) and (max-width: 1280px) 1280px, (min-width: 1281px) 1600px, 100vw\" \/>\r\n                <\/a><span class=\"dnxte_ovl et_overlay\" data-icon=\"L\" data-icon-tablet=\"\" data-icon-phone=\"\" >\r\n                    <div class='dnxte-msnary-details'><\/div><\/div><!-- .dnxte-msnary-details -->\r\n                <\/span><div class=\"dnxte-msnary-item et_pb_gallery_image \"> <a class=\"image-link imghvr-msnary-image-zoom-center imghve-color\" href=\"https:\/\/www.marbesur.com\/wp-content\/uploads\/2025\/05\/Local-loft-cambio-de-uso-calle-gonzalo-16-1.webp\" target=\"\" data-title=\"\" data-caption=\"\">\r\n                    <img width=\"1024\" height=\"576\" src=\"https:\/\/www.marbesur.com\/wp-content\/uploads\/2025\/05\/Local-loft-cambio-de-uso-calle-gonzalo-16-1.webp\" class=\"attachment-full size-full\" alt=\"Local Loft Cambio De Uso Calle Gonzalo 16 1\" decoding=\"async\" loading=\"lazy\" srcset=\"https:\/\/www.marbesur.com\/wp-content\/uploads\/2025\/05\/Local-loft-cambio-de-uso-calle-gonzalo-16-1.webp 1024w, https:\/\/www.marbesur.com\/wp-content\/uploads\/2025\/05\/Local-loft-cambio-de-uso-calle-gonzalo-16-1-980x551.webp 980w, https:\/\/www.marbesur.com\/wp-content\/uploads\/2025\/05\/Local-loft-cambio-de-uso-calle-gonzalo-16-1-480x270.webp 480w\" sizes=\"(min-width: 0px) and (max-width: 480px) 480px, (min-width: 481px) and (max-width: 980px) 980px, (min-width: 981px) 1024px, 100vw\" \/>\r\n                <\/a><span class=\"dnxte_ovl et_overlay\" data-icon=\"L\" data-icon-tablet=\"\" data-icon-phone=\"\" >\r\n                    <div class='dnxte-msnary-details'><\/div><\/div><!-- .dnxte-msnary-details -->\r\n                <\/span><div class=\"dnxte-msnary-item et_pb_gallery_image \"> <a class=\"image-link imghvr-msnary-image-zoom-center imghve-color\" href=\"https:\/\/www.marbesur.com\/wp-content\/uploads\/2025\/05\/Local-loft-cambio-de-uso-calle-gonzalo-16.webp\" target=\"\" data-title=\"\" data-caption=\"\">\r\n                    <img width=\"1600\" height=\"1066\" src=\"https:\/\/www.marbesur.com\/wp-content\/uploads\/2025\/05\/Local-loft-cambio-de-uso-calle-gonzalo-16.webp\" class=\"attachment-full size-full\" alt=\"Local Loft Cambio De Uso Calle Gonzalo 16\" decoding=\"async\" loading=\"lazy\" srcset=\"https:\/\/www.marbesur.com\/wp-content\/uploads\/2025\/05\/Local-loft-cambio-de-uso-calle-gonzalo-16.webp 1600w, https:\/\/www.marbesur.com\/wp-content\/uploads\/2025\/05\/Local-loft-cambio-de-uso-calle-gonzalo-16-1280x853.webp 1280w, https:\/\/www.marbesur.com\/wp-content\/uploads\/2025\/05\/Local-loft-cambio-de-uso-calle-gonzalo-16-980x653.webp 980w, https:\/\/www.marbesur.com\/wp-content\/uploads\/2025\/05\/Local-loft-cambio-de-uso-calle-gonzalo-16-480x320.webp 480w\" sizes=\"(min-width: 0px) and (max-width: 480px) 480px, (min-width: 481px) and (max-width: 980px) 980px, (min-width: 981px) and (max-width: 1280px) 1280px, (min-width: 1281px) 1600px, 100vw\" \/>\r\n                <\/a><span class=\"dnxte_ovl et_overlay\" data-icon=\"L\" data-icon-tablet=\"\" data-icon-phone=\"\" >\r\n                    <div class='dnxte-msnary-details'><\/div><\/div><!-- .dnxte-msnary-details -->\r\n                <\/span><div class=\"dnxte-msnary-item et_pb_gallery_image \"> <a class=\"image-link imghvr-msnary-image-zoom-center imghve-color\" href=\"https:\/\/www.marbesur.com\/wp-content\/uploads\/2025\/05\/Local-loft-cambio-de-uso-calle-gonzalo-15.webp\" target=\"\" data-title=\"\" data-caption=\"\">\r\n                    <img width=\"1600\" height=\"1066\" src=\"https:\/\/www.marbesur.com\/wp-content\/uploads\/2025\/05\/Local-loft-cambio-de-uso-calle-gonzalo-15.webp\" class=\"attachment-full size-full\" alt=\"Local Loft Cambio De Uso Calle Gonzalo 15\" decoding=\"async\" loading=\"lazy\" srcset=\"https:\/\/www.marbesur.com\/wp-content\/uploads\/2025\/05\/Local-loft-cambio-de-uso-calle-gonzalo-15.webp 1600w, https:\/\/www.marbesur.com\/wp-content\/uploads\/2025\/05\/Local-loft-cambio-de-uso-calle-gonzalo-15-1280x853.webp 1280w, https:\/\/www.marbesur.com\/wp-content\/uploads\/2025\/05\/Local-loft-cambio-de-uso-calle-gonzalo-15-980x653.webp 980w, https:\/\/www.marbesur.com\/wp-content\/uploads\/2025\/05\/Local-loft-cambio-de-uso-calle-gonzalo-15-480x320.webp 480w\" sizes=\"(min-width: 0px) and (max-width: 480px) 480px, (min-width: 481px) and (max-width: 980px) 980px, (min-width: 981px) and (max-width: 1280px) 1280px, (min-width: 1281px) 1600px, 100vw\" \/>\r\n                <\/a><span class=\"dnxte_ovl et_overlay\" data-icon=\"L\" data-icon-tablet=\"\" data-icon-phone=\"\" >\r\n                    <div class='dnxte-msnary-details'><\/div><\/div><!-- .dnxte-msnary-details -->\r\n                <\/span><div class=\"dnxte-msnary-item et_pb_gallery_image \"> <a class=\"image-link imghvr-msnary-image-zoom-center imghve-color\" href=\"https:\/\/www.marbesur.com\/wp-content\/uploads\/2025\/05\/Local-loft-cambio-de-uso-calle-gonzalo-14.webp\" target=\"\" data-title=\"\" data-caption=\"\">\r\n                    <img width=\"1600\" height=\"1066\" src=\"https:\/\/www.marbesur.com\/wp-content\/uploads\/2025\/05\/Local-loft-cambio-de-uso-calle-gonzalo-14.webp\" class=\"attachment-full size-full\" alt=\"Local Loft Cambio De Uso Calle Gonzalo 14\" decoding=\"async\" loading=\"lazy\" srcset=\"https:\/\/www.marbesur.com\/wp-content\/uploads\/2025\/05\/Local-loft-cambio-de-uso-calle-gonzalo-14.webp 1600w, https:\/\/www.marbesur.com\/wp-content\/uploads\/2025\/05\/Local-loft-cambio-de-uso-calle-gonzalo-14-1280x853.webp 1280w, https:\/\/www.marbesur.com\/wp-content\/uploads\/2025\/05\/Local-loft-cambio-de-uso-calle-gonzalo-14-980x653.webp 980w, https:\/\/www.marbesur.com\/wp-content\/uploads\/2025\/05\/Local-loft-cambio-de-uso-calle-gonzalo-14-480x320.webp 480w\" sizes=\"(min-width: 0px) and (max-width: 480px) 480px, (min-width: 481px) and (max-width: 980px) 980px, (min-width: 981px) and (max-width: 1280px) 1280px, (min-width: 1281px) 1600px, 100vw\" \/>\r\n                <\/a><span class=\"dnxte_ovl et_overlay\" data-icon=\"L\" data-icon-tablet=\"\" data-icon-phone=\"\" >\r\n                    <div class='dnxte-msnary-details'><\/div><\/div><!-- .dnxte-msnary-details -->\r\n                <\/span><div class=\"dnxte-msnary-item et_pb_gallery_image \"> <a class=\"image-link imghvr-msnary-image-zoom-center imghve-color\" href=\"https:\/\/www.marbesur.com\/wp-content\/uploads\/2025\/05\/Local-loft-cambio-de-uso-calle-gonzalo-13.webp\" target=\"\" data-title=\"\" data-caption=\"\">\r\n                    <img width=\"1600\" height=\"720\" src=\"https:\/\/www.marbesur.com\/wp-content\/uploads\/2025\/05\/Local-loft-cambio-de-uso-calle-gonzalo-13.webp\" class=\"attachment-full size-full\" alt=\"Local Loft Cambio De Uso Calle Gonzalo 13\" decoding=\"async\" loading=\"lazy\" srcset=\"https:\/\/www.marbesur.com\/wp-content\/uploads\/2025\/05\/Local-loft-cambio-de-uso-calle-gonzalo-13.webp 1600w, https:\/\/www.marbesur.com\/wp-content\/uploads\/2025\/05\/Local-loft-cambio-de-uso-calle-gonzalo-13-1280x576.webp 1280w, https:\/\/www.marbesur.com\/wp-content\/uploads\/2025\/05\/Local-loft-cambio-de-uso-calle-gonzalo-13-980x441.webp 980w, https:\/\/www.marbesur.com\/wp-content\/uploads\/2025\/05\/Local-loft-cambio-de-uso-calle-gonzalo-13-480x216.webp 480w\" sizes=\"(min-width: 0px) and (max-width: 480px) 480px, (min-width: 481px) and (max-width: 980px) 980px, (min-width: 981px) and (max-width: 1280px) 1280px, (min-width: 1281px) 1600px, 100vw\" \/>\r\n                <\/a><span class=\"dnxte_ovl et_overlay\" data-icon=\"L\" data-icon-tablet=\"\" data-icon-phone=\"\" >\r\n                    <div class='dnxte-msnary-details'><\/div><\/div><!-- .dnxte-msnary-details -->\r\n                <\/span><div class=\"dnxte-msnary-item et_pb_gallery_image \"> <a class=\"image-link imghvr-msnary-image-zoom-center imghve-color\" href=\"https:\/\/www.marbesur.com\/wp-content\/uploads\/2025\/05\/Local-loft-cambio-de-uso-calle-gonzalo-12.webp\" target=\"\" data-title=\"\" data-caption=\"\">\r\n                    <img width=\"1600\" height=\"1066\" src=\"https:\/\/www.marbesur.com\/wp-content\/uploads\/2025\/05\/Local-loft-cambio-de-uso-calle-gonzalo-12.webp\" class=\"attachment-full size-full\" alt=\"Local Loft Cambio De Uso Calle Gonzalo 12\" decoding=\"async\" loading=\"lazy\" srcset=\"https:\/\/www.marbesur.com\/wp-content\/uploads\/2025\/05\/Local-loft-cambio-de-uso-calle-gonzalo-12.webp 1600w, https:\/\/www.marbesur.com\/wp-content\/uploads\/2025\/05\/Local-loft-cambio-de-uso-calle-gonzalo-12-1280x853.webp 1280w, https:\/\/www.marbesur.com\/wp-content\/uploads\/2025\/05\/Local-loft-cambio-de-uso-calle-gonzalo-12-980x653.webp 980w, https:\/\/www.marbesur.com\/wp-content\/uploads\/2025\/05\/Local-loft-cambio-de-uso-calle-gonzalo-12-480x320.webp 480w\" sizes=\"(min-width: 0px) and (max-width: 480px) 480px, (min-width: 481px) and (max-width: 980px) 980px, (min-width: 981px) and (max-width: 1280px) 1280px, (min-width: 1281px) 1600px, 100vw\" \/>\r\n                <\/a><span class=\"dnxte_ovl et_overlay\" data-icon=\"L\" data-icon-tablet=\"\" data-icon-phone=\"\" >\r\n                    <div class='dnxte-msnary-details'><\/div><\/div><!-- .dnxte-msnary-details -->\r\n                <\/span><div class=\"dnxte-msnary-item et_pb_gallery_image \"> <a class=\"image-link imghvr-msnary-image-zoom-center imghve-color\" href=\"https:\/\/www.marbesur.com\/wp-content\/uploads\/2025\/05\/Local-loft-cambio-de-uso-calle-gonzalo-11.webp\" target=\"\" data-title=\"\" data-caption=\"\">\r\n                    <img width=\"1024\" height=\"768\" src=\"https:\/\/www.marbesur.com\/wp-content\/uploads\/2025\/05\/Local-loft-cambio-de-uso-calle-gonzalo-11.webp\" class=\"attachment-full size-full\" alt=\"Local Loft Cambio De Uso Calle Gonzalo 11\" decoding=\"async\" loading=\"lazy\" srcset=\"https:\/\/www.marbesur.com\/wp-content\/uploads\/2025\/05\/Local-loft-cambio-de-uso-calle-gonzalo-11.webp 1024w, https:\/\/www.marbesur.com\/wp-content\/uploads\/2025\/05\/Local-loft-cambio-de-uso-calle-gonzalo-11-980x735.webp 980w, https:\/\/www.marbesur.com\/wp-content\/uploads\/2025\/05\/Local-loft-cambio-de-uso-calle-gonzalo-11-480x360.webp 480w\" sizes=\"(min-width: 0px) and (max-width: 480px) 480px, (min-width: 481px) and (max-width: 980px) 980px, (min-width: 981px) 1024px, 100vw\" \/>\r\n                <\/a><span class=\"dnxte_ovl et_overlay\" data-icon=\"L\" data-icon-tablet=\"\" data-icon-phone=\"\" >\r\n                    <div class='dnxte-msnary-details'><\/div><\/div><!-- .dnxte-msnary-details -->\r\n                <\/span><div class=\"dnxte-msnary-item et_pb_gallery_image \"> <a class=\"image-link imghvr-msnary-image-zoom-center imghve-color\" href=\"https:\/\/www.marbesur.com\/wp-content\/uploads\/2025\/05\/Local-loft-cambio-de-uso-calle-gonzalo-10.webp\" target=\"\" data-title=\"\" data-caption=\"\">\r\n                    <img width=\"2048\" height=\"1152\" src=\"https:\/\/www.marbesur.com\/wp-content\/uploads\/2025\/05\/Local-loft-cambio-de-uso-calle-gonzalo-10.webp\" class=\"attachment-full size-full\" alt=\"Local Loft Cambio De Uso Calle Gonzalo 10\" decoding=\"async\" loading=\"lazy\" srcset=\"https:\/\/www.marbesur.com\/wp-content\/uploads\/2025\/05\/Local-loft-cambio-de-uso-calle-gonzalo-10.webp 2048w, https:\/\/www.marbesur.com\/wp-content\/uploads\/2025\/05\/Local-loft-cambio-de-uso-calle-gonzalo-10-1280x720.webp 1280w, https:\/\/www.marbesur.com\/wp-content\/uploads\/2025\/05\/Local-loft-cambio-de-uso-calle-gonzalo-10-980x551.webp 980w, https:\/\/www.marbesur.com\/wp-content\/uploads\/2025\/05\/Local-loft-cambio-de-uso-calle-gonzalo-10-480x270.webp 480w\" sizes=\"(min-width: 0px) and (max-width: 480px) 480px, (min-width: 481px) and (max-width: 980px) 980px, (min-width: 981px) and (max-width: 1280px) 1280px, (min-width: 1281px) 2048px, 100vw\" \/>\r\n                <\/a><span class=\"dnxte_ovl et_overlay\" data-icon=\"L\" data-icon-tablet=\"\" data-icon-phone=\"\" >\r\n                    <div class='dnxte-msnary-details'><\/div><\/div><!-- .dnxte-msnary-details -->\r\n                <\/span><div class=\"dnxte-msnary-item et_pb_gallery_image \"> <a class=\"image-link imghvr-msnary-image-zoom-center imghve-color\" href=\"https:\/\/www.marbesur.com\/wp-content\/uploads\/2025\/05\/Local-loft-cambio-de-uso-calle-gonzalo-9.webp\" target=\"\" data-title=\"\" data-caption=\"\">\r\n                    <img width=\"2000\" height=\"1500\" src=\"https:\/\/www.marbesur.com\/wp-content\/uploads\/2025\/05\/Local-loft-cambio-de-uso-calle-gonzalo-9.webp\" class=\"attachment-full size-full\" alt=\"Local Loft Cambio De Uso Calle Gonzalo 9\" decoding=\"async\" loading=\"lazy\" srcset=\"https:\/\/www.marbesur.com\/wp-content\/uploads\/2025\/05\/Local-loft-cambio-de-uso-calle-gonzalo-9.webp 2000w, https:\/\/www.marbesur.com\/wp-content\/uploads\/2025\/05\/Local-loft-cambio-de-uso-calle-gonzalo-9-1280x960.webp 1280w, https:\/\/www.marbesur.com\/wp-content\/uploads\/2025\/05\/Local-loft-cambio-de-uso-calle-gonzalo-9-980x735.webp 980w, https:\/\/www.marbesur.com\/wp-content\/uploads\/2025\/05\/Local-loft-cambio-de-uso-calle-gonzalo-9-480x360.webp 480w\" sizes=\"(min-width: 0px) and (max-width: 480px) 480px, (min-width: 481px) and (max-width: 980px) 980px, (min-width: 981px) and (max-width: 1280px) 1280px, (min-width: 1281px) 2000px, 100vw\" \/>\r\n                <\/a><span class=\"dnxte_ovl et_overlay\" data-icon=\"L\" data-icon-tablet=\"\" data-icon-phone=\"\" >\r\n                    <div class='dnxte-msnary-details'><\/div><\/div><!-- .dnxte-msnary-details -->\r\n                <\/span><div class=\"dnxte-msnary-item et_pb_gallery_image \"> <a class=\"image-link imghvr-msnary-image-zoom-center imghve-color\" href=\"https:\/\/www.marbesur.com\/wp-content\/uploads\/2025\/05\/Local-loft-cambio-de-uso-calle-gonzalo-8.webp\" target=\"\" data-title=\"\" data-caption=\"\">\r\n                    <img width=\"2048\" height=\"1536\" src=\"https:\/\/www.marbesur.com\/wp-content\/uploads\/2025\/05\/Local-loft-cambio-de-uso-calle-gonzalo-8.webp\" class=\"attachment-full size-full\" alt=\"Local Loft Cambio De Uso Calle Gonzalo 8\" decoding=\"async\" loading=\"lazy\" srcset=\"https:\/\/www.marbesur.com\/wp-content\/uploads\/2025\/05\/Local-loft-cambio-de-uso-calle-gonzalo-8.webp 2048w, https:\/\/www.marbesur.com\/wp-content\/uploads\/2025\/05\/Local-loft-cambio-de-uso-calle-gonzalo-8-1280x960.webp 1280w, https:\/\/www.marbesur.com\/wp-content\/uploads\/2025\/05\/Local-loft-cambio-de-uso-calle-gonzalo-8-980x735.webp 980w, https:\/\/www.marbesur.com\/wp-content\/uploads\/2025\/05\/Local-loft-cambio-de-uso-calle-gonzalo-8-480x360.webp 480w\" sizes=\"(min-width: 0px) and (max-width: 480px) 480px, (min-width: 481px) and (max-width: 980px) 980px, (min-width: 981px) and (max-width: 1280px) 1280px, (min-width: 1281px) 2048px, 100vw\" \/>\r\n                <\/a><span class=\"dnxte_ovl et_overlay\" data-icon=\"L\" data-icon-tablet=\"\" data-icon-phone=\"\" >\r\n                    <div class='dnxte-msnary-details'><\/div><\/div><!-- .dnxte-msnary-details -->\r\n                <\/span><div class=\"dnxte-msnary-item et_pb_gallery_image \"> <a class=\"image-link imghvr-msnary-image-zoom-center imghve-color\" href=\"https:\/\/www.marbesur.com\/wp-content\/uploads\/2025\/05\/Local-loft-cambio-de-uso-calle-gonzalo-7.webp\" target=\"\" data-title=\"\" data-caption=\"\">\r\n                    <img width=\"1600\" height=\"1065\" src=\"https:\/\/www.marbesur.com\/wp-content\/uploads\/2025\/05\/Local-loft-cambio-de-uso-calle-gonzalo-7.webp\" class=\"attachment-full size-full\" alt=\"Local Loft Cambio De Uso Calle Gonzalo 7\" decoding=\"async\" loading=\"lazy\" srcset=\"https:\/\/www.marbesur.com\/wp-content\/uploads\/2025\/05\/Local-loft-cambio-de-uso-calle-gonzalo-7.webp 1600w, https:\/\/www.marbesur.com\/wp-content\/uploads\/2025\/05\/Local-loft-cambio-de-uso-calle-gonzalo-7-1280x852.webp 1280w, https:\/\/www.marbesur.com\/wp-content\/uploads\/2025\/05\/Local-loft-cambio-de-uso-calle-gonzalo-7-980x652.webp 980w, https:\/\/www.marbesur.com\/wp-content\/uploads\/2025\/05\/Local-loft-cambio-de-uso-calle-gonzalo-7-480x320.webp 480w\" sizes=\"(min-width: 0px) and (max-width: 480px) 480px, (min-width: 481px) and (max-width: 980px) 980px, (min-width: 981px) and (max-width: 1280px) 1280px, (min-width: 1281px) 1600px, 100vw\" \/>\r\n                <\/a><span class=\"dnxte_ovl et_overlay\" data-icon=\"L\" data-icon-tablet=\"\" data-icon-phone=\"\" >\r\n                    <div class='dnxte-msnary-details'><\/div><\/div><!-- .dnxte-msnary-details -->\r\n                <\/span><div class=\"dnxte-msnary-item et_pb_gallery_image \"> <a class=\"image-link imghvr-msnary-image-zoom-center imghve-color\" href=\"https:\/\/www.marbesur.com\/wp-content\/uploads\/2025\/05\/Local-loft-cambio-de-uso-calle-gonzalo-6.webp\" target=\"\" data-title=\"\" data-caption=\"\">\r\n                    <img width=\"2048\" height=\"1152\" src=\"https:\/\/www.marbesur.com\/wp-content\/uploads\/2025\/05\/Local-loft-cambio-de-uso-calle-gonzalo-6.webp\" class=\"attachment-full size-full\" alt=\"Local Loft Cambio De Uso Calle Gonzalo 6\" decoding=\"async\" loading=\"lazy\" srcset=\"https:\/\/www.marbesur.com\/wp-content\/uploads\/2025\/05\/Local-loft-cambio-de-uso-calle-gonzalo-6.webp 2048w, https:\/\/www.marbesur.com\/wp-content\/uploads\/2025\/05\/Local-loft-cambio-de-uso-calle-gonzalo-6-1280x720.webp 1280w, https:\/\/www.marbesur.com\/wp-content\/uploads\/2025\/05\/Local-loft-cambio-de-uso-calle-gonzalo-6-980x551.webp 980w, https:\/\/www.marbesur.com\/wp-content\/uploads\/2025\/05\/Local-loft-cambio-de-uso-calle-gonzalo-6-480x270.webp 480w\" sizes=\"(min-width: 0px) and (max-width: 480px) 480px, (min-width: 481px) and (max-width: 980px) 980px, (min-width: 981px) and (max-width: 1280px) 1280px, (min-width: 1281px) 2048px, 100vw\" \/>\r\n                <\/a><span class=\"dnxte_ovl et_overlay\" data-icon=\"L\" data-icon-tablet=\"\" data-icon-phone=\"\" >\r\n                    <div class='dnxte-msnary-details'><\/div><\/div><!-- .dnxte-msnary-details -->\r\n                <\/span><div class=\"dnxte-msnary-item et_pb_gallery_image \"> <a class=\"image-link imghvr-msnary-image-zoom-center imghve-color\" href=\"https:\/\/www.marbesur.com\/wp-content\/uploads\/2025\/05\/Local-loft-cambio-de-uso-calle-gonzalo-5.webp\" target=\"\" data-title=\"\" data-caption=\"\">\r\n                    <img width=\"1600\" height=\"1065\" src=\"https:\/\/www.marbesur.com\/wp-content\/uploads\/2025\/05\/Local-loft-cambio-de-uso-calle-gonzalo-5.webp\" class=\"attachment-full size-full\" alt=\"Local Loft Cambio De Uso Calle Gonzalo 5\" decoding=\"async\" loading=\"lazy\" srcset=\"https:\/\/www.marbesur.com\/wp-content\/uploads\/2025\/05\/Local-loft-cambio-de-uso-calle-gonzalo-5.webp 1600w, https:\/\/www.marbesur.com\/wp-content\/uploads\/2025\/05\/Local-loft-cambio-de-uso-calle-gonzalo-5-1280x852.webp 1280w, https:\/\/www.marbesur.com\/wp-content\/uploads\/2025\/05\/Local-loft-cambio-de-uso-calle-gonzalo-5-980x652.webp 980w, https:\/\/www.marbesur.com\/wp-content\/uploads\/2025\/05\/Local-loft-cambio-de-uso-calle-gonzalo-5-480x320.webp 480w\" sizes=\"(min-width: 0px) and (max-width: 480px) 480px, (min-width: 481px) and (max-width: 980px) 980px, (min-width: 981px) and (max-width: 1280px) 1280px, (min-width: 1281px) 1600px, 100vw\" \/>\r\n                <\/a><span class=\"dnxte_ovl et_overlay\" data-icon=\"L\" data-icon-tablet=\"\" data-icon-phone=\"\" >\r\n                    <div class='dnxte-msnary-details'><\/div><\/div><!-- .dnxte-msnary-details -->\r\n                <\/span><div class=\"dnxte-msnary-item et_pb_gallery_image \"> <a class=\"image-link imghvr-msnary-image-zoom-center imghve-color\" href=\"https:\/\/www.marbesur.com\/wp-content\/uploads\/2025\/05\/Local-loft-cambio-de-uso-calle-gonzalo-4.webp\" target=\"\" data-title=\"\" data-caption=\"\">\r\n                    <img width=\"1600\" height=\"1065\" src=\"https:\/\/www.marbesur.com\/wp-content\/uploads\/2025\/05\/Local-loft-cambio-de-uso-calle-gonzalo-4.webp\" class=\"attachment-full size-full\" alt=\"Local Loft Cambio De Uso Calle Gonzalo 4\" decoding=\"async\" loading=\"lazy\" srcset=\"https:\/\/www.marbesur.com\/wp-content\/uploads\/2025\/05\/Local-loft-cambio-de-uso-calle-gonzalo-4.webp 1600w, https:\/\/www.marbesur.com\/wp-content\/uploads\/2025\/05\/Local-loft-cambio-de-uso-calle-gonzalo-4-1280x852.webp 1280w, https:\/\/www.marbesur.com\/wp-content\/uploads\/2025\/05\/Local-loft-cambio-de-uso-calle-gonzalo-4-980x652.webp 980w, https:\/\/www.marbesur.com\/wp-content\/uploads\/2025\/05\/Local-loft-cambio-de-uso-calle-gonzalo-4-480x320.webp 480w\" sizes=\"(min-width: 0px) and (max-width: 480px) 480px, (min-width: 481px) and (max-width: 980px) 980px, (min-width: 981px) and (max-width: 1280px) 1280px, (min-width: 1281px) 1600px, 100vw\" \/>\r\n                <\/a><span class=\"dnxte_ovl et_overlay\" data-icon=\"L\" data-icon-tablet=\"\" data-icon-phone=\"\" >\r\n                    <div class='dnxte-msnary-details'><\/div><\/div><!-- .dnxte-msnary-details -->\r\n                <\/span><div class=\"dnxte-msnary-item et_pb_gallery_image \"> <a class=\"image-link imghvr-msnary-image-zoom-center imghve-color\" href=\"https:\/\/www.marbesur.com\/wp-content\/uploads\/2025\/05\/Local-loft-cambio-de-uso-calle-gonzalo-3.webp\" target=\"\" data-title=\"\" data-caption=\"\">\r\n                    <img width=\"1600\" height=\"1065\" src=\"https:\/\/www.marbesur.com\/wp-content\/uploads\/2025\/05\/Local-loft-cambio-de-uso-calle-gonzalo-3.webp\" class=\"attachment-full size-full\" alt=\"Local Loft Change Of Use Calle Gonzalo 3\" decoding=\"async\" loading=\"lazy\" srcset=\"https:\/\/www.marbesur.com\/wp-content\/uploads\/2025\/05\/Local-loft-cambio-de-uso-calle-gonzalo-3.webp 1600w, https:\/\/www.marbesur.com\/wp-content\/uploads\/2025\/05\/Local-loft-cambio-de-uso-calle-gonzalo-3-1280x852.webp 1280w, https:\/\/www.marbesur.com\/wp-content\/uploads\/2025\/05\/Local-loft-cambio-de-uso-calle-gonzalo-3-980x652.webp 980w, https:\/\/www.marbesur.com\/wp-content\/uploads\/2025\/05\/Local-loft-cambio-de-uso-calle-gonzalo-3-480x320.webp 480w\" sizes=\"(min-width: 0px) and (max-width: 480px) 480px, (min-width: 481px) and (max-width: 980px) 980px, (min-width: 981px) and (max-width: 1280px) 1280px, (min-width: 1281px) 1600px, 100vw\" \/>\r\n                <\/a><span class=\"dnxte_ovl et_overlay\" data-icon=\"L\" data-icon-tablet=\"\" data-icon-phone=\"\" >\r\n                    <div class='dnxte-msnary-details'><\/div><\/div><!-- .dnxte-msnary-details -->\r\n                <\/span><div class=\"dnxte-msnary-item et_pb_gallery_image \"> <a class=\"image-link imghvr-msnary-image-zoom-center imghve-color\" href=\"https:\/\/www.marbesur.com\/wp-content\/uploads\/2025\/05\/Local-loft-cambio-de-uso-calle-gonzalo-2.webp\" target=\"\" data-title=\"\" data-caption=\"\">\r\n                    <img width=\"1600\" height=\"1065\" src=\"https:\/\/www.marbesur.com\/wp-content\/uploads\/2025\/05\/Local-loft-cambio-de-uso-calle-gonzalo-2.webp\" class=\"attachment-full size-full\" alt=\"Local Loft Cambio De Uso Calle Gonzalo 2\" decoding=\"async\" loading=\"lazy\" srcset=\"https:\/\/www.marbesur.com\/wp-content\/uploads\/2025\/05\/Local-loft-cambio-de-uso-calle-gonzalo-2.webp 1600w, https:\/\/www.marbesur.com\/wp-content\/uploads\/2025\/05\/Local-loft-cambio-de-uso-calle-gonzalo-2-1280x852.webp 1280w, https:\/\/www.marbesur.com\/wp-content\/uploads\/2025\/05\/Local-loft-cambio-de-uso-calle-gonzalo-2-980x652.webp 980w, https:\/\/www.marbesur.com\/wp-content\/uploads\/2025\/05\/Local-loft-cambio-de-uso-calle-gonzalo-2-480x320.webp 480w\" sizes=\"(min-width: 0px) and (max-width: 480px) 480px, (min-width: 481px) and (max-width: 980px) 980px, (min-width: 981px) and (max-width: 1280px) 1280px, (min-width: 1281px) 1600px, 100vw\" \/>\r\n                <\/a><span class=\"dnxte_ovl et_overlay\" data-icon=\"L\" data-icon-tablet=\"\" data-icon-phone=\"\" >\r\n                    <div class='dnxte-msnary-details'><\/div><\/div><!-- .dnxte-msnary-details -->\r\n                <\/span><div class=\"dnxte-msnary-item et_pb_gallery_image \"> <a class=\"image-link imghvr-msnary-image-zoom-center imghve-color\" href=\"https:\/\/www.marbesur.com\/wp-content\/uploads\/2025\/05\/Local-loft-cambio-de-uso-calle-gonzalo-1.webp\" target=\"\" data-title=\"\" data-caption=\"\">\r\n                    <img width=\"1600\" height=\"1065\" src=\"https:\/\/www.marbesur.com\/wp-content\/uploads\/2025\/05\/Local-loft-cambio-de-uso-calle-gonzalo-1.webp\" class=\"attachment-full size-full\" alt=\"Local Loft Cambio De Uso Calle Gonzalo 1\" decoding=\"async\" loading=\"lazy\" srcset=\"https:\/\/www.marbesur.com\/wp-content\/uploads\/2025\/05\/Local-loft-cambio-de-uso-calle-gonzalo-1.webp 1600w, https:\/\/www.marbesur.com\/wp-content\/uploads\/2025\/05\/Local-loft-cambio-de-uso-calle-gonzalo-1-1280x852.webp 1280w, https:\/\/www.marbesur.com\/wp-content\/uploads\/2025\/05\/Local-loft-cambio-de-uso-calle-gonzalo-1-980x652.webp 980w, https:\/\/www.marbesur.com\/wp-content\/uploads\/2025\/05\/Local-loft-cambio-de-uso-calle-gonzalo-1-480x320.webp 480w\" sizes=\"(min-width: 0px) and (max-width: 480px) 480px, (min-width: 481px) and (max-width: 980px) 980px, (min-width: 981px) and (max-width: 1280px) 1280px, (min-width: 1281px) 1600px, 100vw\" \/>\r\n                <\/a><span class=\"dnxte_ovl et_overlay\" data-icon=\"L\" data-icon-tablet=\"\" data-icon-phone=\"\" >\r\n                    <div class='dnxte-msnary-details'><\/div><\/div><!-- .dnxte-msnary-details -->\r\n                <\/span><\/div><\/div><\/div><!-- .dnxte-msnary-grid -->\n\t\t\t\t<\/div>\n\t\t\t<\/div>\n","protected":false},"author":1,"featured_media":1561,"comment_status":"closed","ping_status":"closed","template":"","meta":{"_et_pb_use_builder":"on","_et_pb_old_content":"","_et_gb_content_width":"","footnotes":""},"project_category":[75],"project_tag":[],"class_list":["post-1558","project","type-project","status-publish","has-post-thumbnail","hentry","project_category-changes-in-use"],"yoast_head":"<!-- This site is optimized with the Yoast SEO plugin v27.2 - https:\/\/yoast.com\/product\/yoast-seo-wordpress\/ -->\n<title>LOCAL LOFT CHANGE OF USE GONZALO JIM\u00c9NEZ DE QUESADA STREET - GRANADA - Marbesur - Empresa de Proyectos y Obras en Granada y M\u00e1laga.<\/title>\n<meta name=\"robots\" content=\"index, follow, max-snippet:-1, max-image-preview:large, max-video-preview:-1\" \/>\n<link rel=\"canonical\" href=\"https:\/\/www.marbesur.com\/en\/project\/local-loft-change-of-use-gonzalo-jimenez-de-quesada-street-granada\/\" \/>\n<meta property=\"og:locale\" content=\"en_US\" \/>\n<meta property=\"og:type\" content=\"article\" \/>\n<meta property=\"og:title\" content=\"LOCAL LOFT CHANGE OF USE GONZALO JIM\u00c9NEZ DE QUESADA STREET - GRANADA - Marbesur - Empresa de Proyectos y Obras en Granada y M\u00e1laga.\" \/>\n<meta property=\"og:url\" content=\"https:\/\/www.marbesur.com\/en\/project\/local-loft-change-of-use-gonzalo-jimenez-de-quesada-street-granada\/\" \/>\n<meta property=\"og:site_name\" content=\"Marbesur - Empresa de Proyectos y Obras en Granada y M\u00e1laga.\" \/>\n<meta property=\"article:modified_time\" content=\"2026-03-20T08:18:25+00:00\" \/>\n<meta property=\"og:image\" content=\"https:\/\/www.marbesur.com\/wp-content\/uploads\/2025\/05\/Local-loft-cambio-de-uso-calle-gonzalo-3.webp\" \/>\n\t<meta property=\"og:image:width\" content=\"1600\" \/>\n\t<meta property=\"og:image:height\" content=\"1065\" \/>\n\t<meta property=\"og:image:type\" content=\"image\/webp\" \/>\n<meta name=\"twitter:card\" content=\"summary_large_image\" \/>\n<meta name=\"twitter:description\" content=\"[dnxte_masonary gallery_ids=&quot;1376,1375,1374,1373,1372,1371,1370,1369,1368,1367,1366,1365,1364,1363,1362,1361,1360,1359,1358,1357,1356&quot; dnxte_gutter=&quot;20&quot; dnxte_masonry_hvr_effect=&quot;image-zoom-center&quot; _builder_version=&quot;4.27.4&quot; _module_preset=&quot;default&quot; hover_enabled=&quot;0&quot; global_colors_info=&quot;{}&quot; theme_builder_area=&quot;post_content&quot; dnxte_columns_last_edited=&quot;on|desktop&quot; sticky_enabled=&quot;0&quot; dnxte_columns_tablet=&quot;3&quot; dnxte_columns_phone=&quot;2&quot;][\/dnxte_masonary]\" \/>\n<meta name=\"twitter:label1\" content=\"Est. reading time\" \/>\n\t<meta name=\"twitter:data1\" content=\"1 minute\" \/>\n<script type=\"application\/ld+json\" class=\"yoast-schema-graph\">{\"@context\":\"https:\/\/schema.org\",\"@graph\":[{\"@type\":\"WebPage\",\"@id\":\"https:\/\/www.marbesur.com\/en\/project\/local-loft-change-of-use-gonzalo-jimenez-de-quesada-street-granada\/\",\"url\":\"https:\/\/www.marbesur.com\/en\/project\/local-loft-change-of-use-gonzalo-jimenez-de-quesada-street-granada\/\",\"name\":\"LOCAL LOFT CHANGE OF USE GONZALO JIM\u00c9NEZ DE QUESADA STREET - GRANADA - Marbesur - Empresa de Proyectos y Obras en Granada y M\u00e1laga.\",\"isPartOf\":{\"@id\":\"https:\/\/www.marbesur.com\/en\/#website\"},\"primaryImageOfPage\":{\"@id\":\"https:\/\/www.marbesur.com\/en\/project\/local-loft-change-of-use-gonzalo-jimenez-de-quesada-street-granada\/#primaryimage\"},\"image\":{\"@id\":\"https:\/\/www.marbesur.com\/en\/project\/local-loft-change-of-use-gonzalo-jimenez-de-quesada-street-granada\/#primaryimage\"},\"thumbnailUrl\":\"https:\/\/www.marbesur.com\/wp-content\/uploads\/2025\/05\/Local-loft-cambio-de-uso-calle-gonzalo-3.webp\",\"datePublished\":\"2025-05-26T07:57:29+00:00\",\"dateModified\":\"2026-03-20T08:18:25+00:00\",\"breadcrumb\":{\"@id\":\"https:\/\/www.marbesur.com\/en\/project\/local-loft-change-of-use-gonzalo-jimenez-de-quesada-street-granada\/#breadcrumb\"},\"inLanguage\":\"en-US\",\"potentialAction\":[{\"@type\":\"ReadAction\",\"target\":[\"https:\/\/www.marbesur.com\/en\/project\/local-loft-change-of-use-gonzalo-jimenez-de-quesada-street-granada\/\"]}]},{\"@type\":\"ImageObject\",\"inLanguage\":\"en-US\",\"@id\":\"https:\/\/www.marbesur.com\/en\/project\/local-loft-change-of-use-gonzalo-jimenez-de-quesada-street-granada\/#primaryimage\",\"url\":\"https:\/\/www.marbesur.com\/wp-content\/uploads\/2025\/05\/Local-loft-cambio-de-uso-calle-gonzalo-3.webp\",\"contentUrl\":\"https:\/\/www.marbesur.com\/wp-content\/uploads\/2025\/05\/Local-loft-cambio-de-uso-calle-gonzalo-3.webp\",\"width\":1600,\"height\":1065,\"caption\":\"Local Loft Change Of Use Calle Gonzalo 3\"},{\"@type\":\"BreadcrumbList\",\"@id\":\"https:\/\/www.marbesur.com\/en\/project\/local-loft-change-of-use-gonzalo-jimenez-de-quesada-street-granada\/#breadcrumb\",\"itemListElement\":[{\"@type\":\"ListItem\",\"position\":1,\"name\":\"Portada\",\"item\":\"https:\/\/www.marbesur.com\/en\/\"},{\"@type\":\"ListItem\",\"position\":2,\"name\":\"Projects\",\"item\":\"https:\/\/www.marbesur.com\/en\/project\/\"},{\"@type\":\"ListItem\",\"position\":3,\"name\":\"LOCAL LOFT CHANGE OF USE GONZALO JIM\u00c9NEZ DE QUESADA STREET &#8211; GRANADA\"}]},{\"@type\":\"WebSite\",\"@id\":\"https:\/\/www.marbesur.com\/en\/#website\",\"url\":\"https:\/\/www.marbesur.com\/en\/\",\"name\":\"Marbesur - Empresa de Proyectos y Obras en Granada y M\u00e1laga.\",\"description\":\"Empresa especializada en proyectos de obras en Granada y M\u00e1laga. Especialistas en la realizaci\u00f3n de reformas y rehabilitaciones integrales.\",\"potentialAction\":[{\"@type\":\"SearchAction\",\"target\":{\"@type\":\"EntryPoint\",\"urlTemplate\":\"https:\/\/www.marbesur.com\/en\/?s={search_term_string}\"},\"query-input\":{\"@type\":\"PropertyValueSpecification\",\"valueRequired\":true,\"valueName\":\"search_term_string\"}}],\"inLanguage\":\"en-US\"}]}<\/script>\n<!-- \/ Yoast SEO plugin. -->","yoast_head_json":{"title":"LOCAL LOFT CHANGE OF USE GONZALO JIM\u00c9NEZ DE QUESADA STREET - GRANADA - Marbesur - Empresa de Proyectos y Obras en Granada y M\u00e1laga.","robots":{"index":"index","follow":"follow","max-snippet":"max-snippet:-1","max-image-preview":"max-image-preview:large","max-video-preview":"max-video-preview:-1"},"canonical":"https:\/\/www.marbesur.com\/en\/project\/local-loft-change-of-use-gonzalo-jimenez-de-quesada-street-granada\/","og_locale":"en_US","og_type":"article","og_title":"LOCAL LOFT CHANGE OF USE GONZALO JIM\u00c9NEZ DE QUESADA STREET - GRANADA - Marbesur - Empresa de Proyectos y Obras en Granada y M\u00e1laga.","og_url":"https:\/\/www.marbesur.com\/en\/project\/local-loft-change-of-use-gonzalo-jimenez-de-quesada-street-granada\/","og_site_name":"Marbesur - Empresa de Proyectos y Obras en Granada y M\u00e1laga.","article_modified_time":"2026-03-20T08:18:25+00:00","og_image":[{"width":1600,"height":1065,"url":"https:\/\/www.marbesur.com\/wp-content\/uploads\/2025\/05\/Local-loft-cambio-de-uso-calle-gonzalo-3.webp","type":"image\/webp"}],"twitter_card":"summary_large_image","twitter_description":"[dnxte_masonary gallery_ids=\"1376,1375,1374,1373,1372,1371,1370,1369,1368,1367,1366,1365,1364,1363,1362,1361,1360,1359,1358,1357,1356\" dnxte_gutter=\"20\" dnxte_masonry_hvr_effect=\"image-zoom-center\" _builder_version=\"4.27.4\" _module_preset=\"default\" hover_enabled=\"0\" global_colors_info=\"{}\" theme_builder_area=\"post_content\" dnxte_columns_last_edited=\"on|desktop\" sticky_enabled=\"0\" dnxte_columns_tablet=\"3\" dnxte_columns_phone=\"2\"][\/dnxte_masonary]","twitter_misc":{"Est. reading time":"1 minute"},"schema":{"@context":"https:\/\/schema.org","@graph":[{"@type":"WebPage","@id":"https:\/\/www.marbesur.com\/en\/project\/local-loft-change-of-use-gonzalo-jimenez-de-quesada-street-granada\/","url":"https:\/\/www.marbesur.com\/en\/project\/local-loft-change-of-use-gonzalo-jimenez-de-quesada-street-granada\/","name":"LOCAL LOFT CHANGE OF USE GONZALO JIM\u00c9NEZ DE QUESADA STREET - GRANADA - Marbesur - Empresa de Proyectos y Obras en Granada y M\u00e1laga.","isPartOf":{"@id":"https:\/\/www.marbesur.com\/en\/#website"},"primaryImageOfPage":{"@id":"https:\/\/www.marbesur.com\/en\/project\/local-loft-change-of-use-gonzalo-jimenez-de-quesada-street-granada\/#primaryimage"},"image":{"@id":"https:\/\/www.marbesur.com\/en\/project\/local-loft-change-of-use-gonzalo-jimenez-de-quesada-street-granada\/#primaryimage"},"thumbnailUrl":"https:\/\/www.marbesur.com\/wp-content\/uploads\/2025\/05\/Local-loft-cambio-de-uso-calle-gonzalo-3.webp","datePublished":"2025-05-26T07:57:29+00:00","dateModified":"2026-03-20T08:18:25+00:00","breadcrumb":{"@id":"https:\/\/www.marbesur.com\/en\/project\/local-loft-change-of-use-gonzalo-jimenez-de-quesada-street-granada\/#breadcrumb"},"inLanguage":"en-US","potentialAction":[{"@type":"ReadAction","target":["https:\/\/www.marbesur.com\/en\/project\/local-loft-change-of-use-gonzalo-jimenez-de-quesada-street-granada\/"]}]},{"@type":"ImageObject","inLanguage":"en-US","@id":"https:\/\/www.marbesur.com\/en\/project\/local-loft-change-of-use-gonzalo-jimenez-de-quesada-street-granada\/#primaryimage","url":"https:\/\/www.marbesur.com\/wp-content\/uploads\/2025\/05\/Local-loft-cambio-de-uso-calle-gonzalo-3.webp","contentUrl":"https:\/\/www.marbesur.com\/wp-content\/uploads\/2025\/05\/Local-loft-cambio-de-uso-calle-gonzalo-3.webp","width":1600,"height":1065,"caption":"Local Loft Change Of Use Calle Gonzalo 3"},{"@type":"BreadcrumbList","@id":"https:\/\/www.marbesur.com\/en\/project\/local-loft-change-of-use-gonzalo-jimenez-de-quesada-street-granada\/#breadcrumb","itemListElement":[{"@type":"ListItem","position":1,"name":"Portada","item":"https:\/\/www.marbesur.com\/en\/"},{"@type":"ListItem","position":2,"name":"Projects","item":"https:\/\/www.marbesur.com\/en\/project\/"},{"@type":"ListItem","position":3,"name":"LOCAL LOFT CHANGE OF USE GONZALO JIM\u00c9NEZ DE QUESADA STREET &#8211; GRANADA"}]},{"@type":"WebSite","@id":"https:\/\/www.marbesur.com\/en\/#website","url":"https:\/\/www.marbesur.com\/en\/","name":"Marbesur - Empresa de Proyectos y Obras en Granada y M\u00e1laga.","description":"Empresa especializada en proyectos de obras en Granada y M\u00e1laga. Especialistas en la realizaci\u00f3n de reformas y rehabilitaciones integrales.","potentialAction":[{"@type":"SearchAction","target":{"@type":"EntryPoint","urlTemplate":"https:\/\/www.marbesur.com\/en\/?s={search_term_string}"},"query-input":{"@type":"PropertyValueSpecification","valueRequired":true,"valueName":"search_term_string"}}],"inLanguage":"en-US"}]}},"_links":{"self":[{"href":"https:\/\/www.marbesur.com\/en\/wp-json\/wp\/v2\/project\/1558","targetHints":{"allow":["GET"]}}],"collection":[{"href":"https:\/\/www.marbesur.com\/en\/wp-json\/wp\/v2\/project"}],"about":[{"href":"https:\/\/www.marbesur.com\/en\/wp-json\/wp\/v2\/types\/project"}],"author":[{"embeddable":true,"href":"https:\/\/www.marbesur.com\/en\/wp-json\/wp\/v2\/users\/1"}],"replies":[{"embeddable":true,"href":"https:\/\/www.marbesur.com\/en\/wp-json\/wp\/v2\/comments?post=1558"}],"version-history":[{"count":1,"href":"https:\/\/www.marbesur.com\/en\/wp-json\/wp\/v2\/project\/1558\/revisions"}],"predecessor-version":[{"id":1580,"href":"https:\/\/www.marbesur.com\/en\/wp-json\/wp\/v2\/project\/1558\/revisions\/1580"}],"wp:featuredmedia":[{"embeddable":true,"href":"https:\/\/www.marbesur.com\/en\/wp-json\/wp\/v2\/media\/1561"}],"wp:attachment":[{"href":"https:\/\/www.marbesur.com\/en\/wp-json\/wp\/v2\/media?parent=1558"}],"wp:term":[{"taxonomy":"project_category","embeddable":true,"href":"https:\/\/www.marbesur.com\/en\/wp-json\/wp\/v2\/project_category?post=1558"},{"taxonomy":"project_tag","embeddable":true,"href":"https:\/\/www.marbesur.com\/en\/wp-json\/wp\/v2\/project_tag?post=1558"}],"curies":[{"name":"wp","href":"https:\/\/api.w.org\/{rel}","templated":true}]}}